{"id":263,"date":"2018-06-25T19:03:00","date_gmt":"2018-06-25T19:03:00","guid":{"rendered":"http:\/\/www.primeranota.cl\/web\/?page_id=263"},"modified":"2018-06-25T19:03:00","modified_gmt":"2018-06-25T19:03:00","slug":"linea-editorial","status":"publish","type":"page","link":"http:\/\/www.primeranota.cl\/web\/linea-editorial\/","title":{"rendered":"L\u00ednea Editorial"},"content":{"rendered":"<p><strong>Primera Nota<\/strong>, es un diario electr\u00f3nico que surge a partir de una iniciativa y emprendimiento regional en La Araucan\u00eda, su l\u00ednea editorial est\u00e1 basada en valores fundamentales de la convivencia democr\u00e1tica. La libertad de expresi\u00f3n, la dignidad de la persona, la igualdad, el respeto, entre otros, los cuales constituyen los pilares b\u00e1sicos de su quehacer y contenido.<\/p>\n<p>Es un medio de comunicaci\u00f3n que fomenta el pensamiento cr\u00edtico, pluralista y sin sesgo, todo enrielado en los l\u00edmites del respeto y el bien com\u00fan de esta sociedad que compartimos. Es un espacio de entrega y tratamiento objetivo de informaci\u00f3n, que propender\u00e1 siempre a tener una mirada imparcial de los hechos y acontecimientos.<\/p>\n<p>El norte de este diario electr\u00f3nico, es contribuir a la sociedad regional m\u00e1s all\u00e1 de la suma de los bienes individuales, para ello, su tarea ser\u00e1 desarrollada con estricto apego a los hechos, conociendo y reconociendo la realidad regional, sus fortalezas, oportunidades, debilidades y amenazas. Entendiendo profundamente la especial realidad que nos corresponde vivir y por tanto, enfrentar.<\/p>\n<p>Primera nota, es un medio moderno, que estar\u00e1 acorde con los tiempos y que de manera pluralista y objetiva intenta contribuir al logro m\u00e1s preciado de una comunidad, el bien com\u00fan.<\/p>\n","protected":false},"excerpt":{"rendered":"<p>Primera Nota, es un diario electr\u00f3nico que surge a partir de una iniciativa y emprendimiento regional en La Araucan\u00eda, su l\u00ednea editorial est\u00e1 basada en&#8230;<\/p>\n","protected":false},"author":1,"featured_media":0,"parent":0,"menu_order":0,"comment_status":"closed","ping_status":"closed","template":"","meta":{"footnotes":""},"_links":{"self":[{"href":"http:\/\/www.primeranota.cl\/web\/wp-json\/wp\/v2\/pages\/263"}],"collection":[{"href":"http:\/\/www.primeranota.cl\/web\/wp-json\/wp\/v2\/pages"}],"about":[{"href":"http:\/\/www.primeranota.cl\/web\/wp-json\/wp\/v2\/types\/page"}],"author":[{"embeddable":true,"href":"http:\/\/www.primeranota.cl\/web\/wp-json\/wp\/v2\/users\/1"}],"replies":[{"embeddable":true,"href":"http:\/\/www.primeranota.cl\/web\/wp-json\/wp\/v2\/comments?post=263"}],"version-history":[{"count":1,"href":"http:\/\/www.primeranota.cl\/web\/wp-json\/wp\/v2\/pages\/263\/revisions"}],"predecessor-version":[{"id":455,"href":"http:\/\/www.primeranota.cl\/web\/wp-json\/wp\/v2\/pages\/263\/revisions\/455"}],"wp:attachment":[{"href":"http:\/\/www.primeranota.cl\/web\/wp-json\/wp\/v2\/media?parent=263"}],"curies":[{"name":"wp","href":"https:\/\/api.w.org\/{rel}","templated":true}]}}